{"id":455,"date":"2018-05-18T11:10:44","date_gmt":"2018-05-18T09:10:44","guid":{"rendered":"http:\/\/isg-saar.de\/wordpress\/?page_id=455"},"modified":"2018-05-22T15:57:06","modified_gmt":"2018-05-22T13:57:06","slug":"cest-lisg","status":"publish","type":"page","link":"http:\/\/isg-saar.de\/wordpress\/cest-lisg\/","title":{"rendered":"C&#8217;est l&#8217;ISG"},"content":{"rendered":"<div class=\"content-3 content-section content-section-spacing\" id=\"content-14\" style=\"background-color: rgb(255, 255, 255);\" data-category=\"content\" data-id=\"content-3\" data-export-id=\"content-3\" data-label=\"Content\" > <div > <div class=\"row middle-xs\" > <div class=\"col-sm-7 full-col-left-padding full-col-right-padding\" > <div class=\"row\" > <div class=\"space-bottom-small content-title-col\" data-type=\"column\" >  <h2 >Ce que nous faisons:<\/h2> <p > ISG est un prestataire de services logistiques allemand. Nous op\u00e9rons \u00e0 l\u2019\u00e9chelle nationale et internationale, sommes en r\u00e9seau avec des partenaires locaux fiables dans toute l\u2019Europe et maintenons des contacts dans tous les centres industriels en Europe.&nbsp;Quelques exemples de notre portefeuille de services divers:<\/p> <\/div> <\/div> <div class=\"row spaced-cols\" data-type=\"row\" > <div class=\"col-xs-6\" data-type=\"column\" > <h5 >bonnes, partielles et pleines charges<\/h5>  <\/div> <div class=\"col-xs-6\" data-type=\"column\" > <h5 > r\u00e9ception sans syst\u00e8me, distribution \u00e0 l\u2019\u00e9chelle de la zone<\/h5>  <\/div> <div class=\"col-xs-6\" data-type=\"column\" > <h5 >transport et transbordement<\/h5>  <\/div> <div class=\"col-xs-6\" data-type=\"column\" > <h5 > paiement des droits<\/h5>  <\/div> <\/div> <\/div> <div class=\"col-sm-5 bg-image shadow-large-black revert-classes-holder\" style='background-image: url(\"http:\/\/isg-saar.de\/wordpress\/wp-content\/uploads\/2018\/05\/cropped-20180226_113044-2.jpg\");' data-bg=\"image\" > <\/div> <\/div> <\/div> <\/div><div class=\"team-5 content-section content-section-spacing\" id=\"team-3\" style=\"background-color: rgb(255, 255, 255);\" data-category=\"team\" data-id=\"team-3\" data-export-id=\"team-5\" data-label=\"Team\" > <div class=\"gridContainer\" > <div class=\"row text-center\" > <div class=\"section-title-col\" data-type=\"column\" > <h2 > <span style=\"display: inline !important; float: none; background-color: transparent; color: rgb(60, 66, 79); font-family: Muli,Helvetica,Arial,sans-serif; font-size: 40px; font-style: normal; font-variant: normal; font-weight: 600; letter-spacing: normal; line-height: 48px; -ms-user-select: element; orphans: 2; text-align: center; text-decoration: none; text-indent: 0px; text-transform: none; -webkit-text-stroke-width: 0px; white-space: normal; word-spacing: 0px; word-wrap: break-word;\" >Nos \u00e9quipes sp\u00e9ciales:<\/span><\/h2> <p class=\"lead\" >Nous travaillons sp\u00e9cifiquement organis\u00e9s en diff\u00e9rents petits groupes qui assurent des processus efficaces et conviviaux d\u2019une mani\u00e8re g\u00e9ographiquement ordonn\u00e9e.<\/p> <h3 >\u00c9quipe l\u2019Europe du Sud et Ouest:<\/h3><\/div> <\/div> <div class=\"row spaced-cols content-center-sm\" data-type=\"row\" > <div class=\"col-xs-12 col-sm-6 col-padding col-md-6 \" > <div class=\"row \" > <div class=\"col-xs-12 col-sm-12\" data-type=\"column\" > <img class=\"round face\" src=\"http:\/\/isg-saar.de\/wordpress\/wp-content\/uploads\/2018\/05\/cropped-FRANCESCO-BONO_HOFRA-\u00a9-9-1.jpg\" > <h4 class=\"font-500\" >Francesco Bono<\/h4>   <div class=\"social-icons-group\" data-type=\"group\" > <a href=\"tel:+4968389857414\" target=\"_self\" ><i class=\"gray fa icon small fa-phone color-black\" ><\/i><\/a> <a href=\"mailto:francesco.bono@isg-saar.de\" target=\"_self\" ><i class=\"gray fa icon small fa-envelope-o color-black\" ><\/i><\/a> <a href=\"#\" target=\"_self\" data-reiki-hidden=\"true\" ><i class=\"gray fa icon small fa-linkedin-square color-black\" ><\/i><\/a> <a href=\"#\" target=\"_self\" data-reiki-hidden=\"true\" ><i class=\"gray fa icon small fa-google-plus-square color-black\" ><\/i><\/a> <\/div> <\/div> <\/div> <\/div> <div class=\"col-xs-12 col-sm-6 col-padding col-md-6 \" > <div class=\"row \" > <div class=\"col-xs-12 col-sm-12\" data-type=\"column\" > <img class=\"round face\" src=\"http:\/\/isg-saar.de\/wordpress\/wp-content\/uploads\/2018\/05\/cropped-sabine-thiel_hofra-\u00a9-10-1.jpg\" > <h4 class=\"font-500\" >Sabine Thiel<\/h4>   <div class=\"social-icons-group\" data-type=\"group\" > <a href=\"tel:+4968389857424\" target=\"_self\" ><i class=\"gray fa icon small fa-phone color-black\" ><\/i><\/a> <a href=\"mailto:sabine.thiel@isg-saar.de\" target=\"_self\" ><i class=\"gray fa icon small fa-envelope-o color-black\" ><\/i><\/a> <a href=\"#\" target=\"_self\" data-reiki-hidden=\"true\" ><i class=\"gray fa icon small fa-linkedin-square color-black\" ><\/i><\/a> <a href=\"#\" target=\"_self\" data-reiki-hidden=\"true\" ><i class=\"gray fa icon small fa-google-plus-square color-black\" ><\/i><\/a> <\/div> <\/div> <\/div> <\/div>       <\/div> <\/div> <\/div><div class=\"team-5 content-section content-section-spacing\" id=\"team-2\" style=\"background-image: none; background-color: rgb(255, 255, 255);\" data-category=\"team\" data-id=\"team-2\" data-export-id=\"team-5\" data-label=\"Team\" > <div class=\"gridContainer\" > <div class=\"row text-center\" > <div class=\"section-title-col\" data-type=\"column\" >   <h3 >\u00c9quipe l\u2019Europe du Sud et centrale:<\/h3><\/div> <\/div> <div class=\"row spaced-cols content-center-sm\" data-type=\"row\" >     <div class=\"col-xs-12 col-sm-6 col-md-3 col-padding\" > <div class=\"row \" > <div class=\"col-xs-12 col-sm-12\" data-type=\"column\" > <img class=\"round face\" src=\"http:\/\/isg-saar.de\/wordpress\/wp-content\/uploads\/2018\/05\/cropped-THOMAS-WACHS_HOFRA-\u00a9-5-1.jpg\" > <h4 class=\"font-500\" >Thomas Wachs<\/h4>   <div class=\"social-icons-group\" data-type=\"group\" > <a href=\"tel:+4968389857411\" target=\"_self\" ><i class=\"gray fa icon small fa-phone color-black\" ><\/i><\/a> <a href=\"mailto:thomas.wachs@isg-saar.de\" target=\"_self\" ><i class=\"gray fa icon small fa-envelope-o color-black\" ><\/i><\/a> <a href=\"#\" target=\"_self\" data-reiki-hidden=\"true\" ><i class=\"gray fa icon small fa-linkedin-square color-black\" ><\/i><\/a> <a href=\"#\" target=\"_self\" data-reiki-hidden=\"true\" ><i class=\"gray fa icon small fa-google-plus-square color-black\" ><\/i><\/a> <\/div> <\/div> <\/div> <\/div> <div class=\"col-xs-12 col-sm-6 col-md-3 col-padding\" > <div class=\"row \" > <div class=\"col-xs-12 col-sm-12\" data-type=\"column\" > <img class=\"round face\" src=\"http:\/\/isg-saar.de\/wordpress\/wp-content\/uploads\/2018\/05\/cropped-REINER-KRANEDER_HOFRA-\u00a9-6-1.jpg\" > <h4 class=\"font-500\" >Rainer Kranzeder<\/h4>   <div class=\"social-icons-group\" data-type=\"group\" > <a href=\"tel:+4968389857428\" target=\"_self\" ><i class=\"gray fa icon small fa-phone color-black\" ><\/i><\/a> <a href=\"mailto:rainer.kranzeder@isg-saar.de\" target=\"_self\" ><i class=\"gray fa icon small fa-envelope-o color-black\" ><\/i><\/a> <a href=\"#\" target=\"_self\" data-reiki-hidden=\"true\" ><i class=\"gray fa icon small fa-linkedin-square color-black\" ><\/i><\/a> <a href=\"#\" target=\"_self\" data-reiki-hidden=\"true\" ><i class=\"gray fa icon small fa-google-plus-square color-black\" ><\/i><\/a> <\/div> <\/div> <\/div> <\/div> <div class=\"col-xs-12 col-sm-6 col-md-3 col-padding\" > <div class=\"row \" > <div class=\"col-xs-12 col-sm-12\" data-type=\"column\" > <img class=\"round face\" src=\"http:\/\/isg-saar.de\/wordpress\/wp-content\/uploads\/2018\/05\/cropped-CANDY-MARX_HOFRA-\u00a9-7-1.jpg\" > <h4 class=\"font-500\" >Candy Marx<\/h4>   <div class=\"social-icons-group\" data-type=\"group\" > <a href=\"tel:+4968389857415\" target=\"_self\" ><i class=\"gray fa icon small fa-phone color-black\" ><\/i><\/a> <a href=\"mailto:candy.marx@isg-saar.de\" target=\"_self\" ><i class=\"gray fa icon small fa-envelope-o color-black\" ><\/i><\/a> <a href=\"#\" target=\"_self\" data-reiki-hidden=\"true\" ><i class=\"gray fa icon small fa-linkedin-square color-black\" ><\/i><\/a> <a href=\"#\" target=\"_self\" data-reiki-hidden=\"true\" ><i class=\"gray fa icon small fa-google-plus-square color-black\" ><\/i><\/a> <\/div> <\/div> <\/div> <\/div> <div class=\"col-xs-12 col-sm-6 col-md-3 col-padding\" > <div class=\"row \" > <div class=\"col-xs-12 col-sm-12\" data-type=\"column\" > <img class=\"round face\" src=\"http:\/\/isg-saar.de\/wordpress\/wp-content\/uploads\/2018\/05\/cropped-ALEX-LA-MATTINA_HOFRA-\u00a9-8-1.jpg\" > <h4 class=\"font-500\" >Alex Lamattina<\/h4>   <div class=\"social-icons-group\" data-type=\"group\" > <a href=\"tel:+4968389857417\" target=\"_self\" ><i class=\"gray fa icon small fa-phone color-black\" ><\/i><\/a> <a href=\"mailto:alex.lamattina@isg-saar.de\" target=\"_self\" ><i class=\"gray fa icon small fa-envelope-o color-black\" ><\/i><\/a> <a href=\"#\" target=\"_self\" data-reiki-hidden=\"true\" ><i class=\"gray fa icon small fa-linkedin-square color-black\" ><\/i><\/a> <a href=\"#\" target=\"_self\" data-reiki-hidden=\"true\" ><i class=\"gray fa icon small fa-google-plus-square color-black\" ><\/i><\/a> <\/div> <\/div> <\/div> <\/div> <\/div> <\/div> <\/div><div class=\"team-5 content-section content-section-spacing content-relative\" id=\"team-5\" style=\"background-image: none; background-color: rgb(255, 255, 255);\" data-category=\"team\" data-id=\"team-5\" data-export-id=\"team-5\" data-label=\"Team\" > <div class=\"gridContainer\" > <div class=\"row text-center\" > <div class=\"section-title-col\" data-type=\"column\" >   <h3 >\u00c9quipe Allemagne et environs:<\/h3><\/div> <\/div> <div class=\"row spaced-cols content-center-sm\" data-type=\"row\" > <div class=\"col-xs-12 col-sm-6 col-padding col-md-4 \" > <div class=\"row \" > <div class=\"col-xs-12 col-sm-12\" data-type=\"column\" > <img class=\"round face\" src=\"http:\/\/isg-saar.de\/wordpress\/wp-content\/uploads\/2018\/05\/cropped-KAI-WASHB\u00dcSCH_HOFRA-\u00a9-4-1.jpg\" > <h4 class=\"font-500\" >Kai Waschb\u00fcsch<\/h4>   <div class=\"social-icons-group\" data-type=\"group\" > <a href=\"tel:+4968389857422\" target=\"_self\" ><i class=\"gray fa icon small fa-phone color-black\" ><\/i><\/a> <a href=\"mailto:kai.waschbuesch@isg-saar.de\" target=\"_self\" ><i class=\"gray fa icon small fa-envelope-o color-black\" ><\/i><\/a> <a href=\"#\" target=\"_self\" data-reiki-hidden=\"true\" ><i class=\"gray fa icon small fa-linkedin-square color-black\" ><\/i><\/a> <a href=\"#\" target=\"_self\" data-reiki-hidden=\"true\" ><i class=\"gray fa icon small fa-google-plus-square color-black\" ><\/i><\/a> <\/div> <\/div> <\/div> <\/div> <div class=\"col-xs-12 col-sm-6 col-padding col-md-4 \" > <div class=\"row \" > <div class=\"col-xs-12 col-sm-12\" data-type=\"column\" > <img class=\"round face\" src=\"http:\/\/isg-saar.de\/wordpress\/wp-content\/uploads\/2018\/05\/cropped-STODTMANN-J\u00dcRGEN_HOFRA-\u00a9-1-1.jpg\" > <h4 class=\"font-500\" >J\u00fcrgen Stodtmann<\/h4>   <div class=\"social-icons-group\" data-type=\"group\" > <a href=\"tel:+4968389857425\" target=\"_self\" ><i class=\"gray fa icon small fa-phone color-black\" ><\/i><\/a> <a href=\"mailto:juergen.stodtmann@isg-saar.de\" target=\"_self\" ><i class=\"gray fa icon small fa-envelope-o color-black\" ><\/i><\/a> <a href=\"#\" target=\"_self\" data-reiki-hidden=\"true\" ><i class=\"gray fa icon small fa-linkedin-square color-black\" ><\/i><\/a> <a href=\"#\" target=\"_self\" data-reiki-hidden=\"true\" ><i class=\"gray fa icon small fa-google-plus-square color-black\" ><\/i><\/a> <\/div> <\/div> <\/div> <\/div> <div class=\"col-xs-12 col-sm-6 col-padding col-md-4 \" > <div class=\"row \" > <div class=\"col-xs-12 col-sm-12\" data-type=\"column\" > <img class=\"round face\" src=\"http:\/\/isg-saar.de\/wordpress\/wp-content\/uploads\/2018\/05\/cropped-CHRISTOPH-KOHL_HOFRA-\u00a9-3-1.jpg\" > <h4 class=\"font-500\" >Christoph Kohl<\/h4>   <div class=\"social-icons-group\" data-type=\"group\" > <a href=\"tel:+496838209857413\" target=\"_self\" ><i class=\"gray fa icon small fa-phone color-black\" ><\/i><\/a> <a href=\"mailto:christoph.kohl@isg-saar.de\" target=\"_self\" ><i class=\"gray fa icon small fa-envelope-o color-black\" ><\/i><\/a> <a href=\"#\" target=\"_self\" data-reiki-hidden=\"true\" ><i class=\"gray fa icon small fa-linkedin-square color-black\" ><\/i><\/a> <a href=\"#\" target=\"_self\" data-reiki-hidden=\"true\" ><i class=\"gray fa icon small fa-google-plus-square color-black\" ><\/i><\/a> <\/div> <\/div> <\/div> <\/div>      <\/div> <\/div> <\/div><div class=\"team-5 content-section content-section-spacing\" id=\"team-1\" style=\"background-color: rgb(255, 255, 255);\" data-category=\"team\" data-id=\"team-1\" data-export-id=\"team-5\" data-label=\"Team\" > <div class=\"gridContainer\" ><div class=\"row text-center\" data-section-title-area=\"true\" >   <div class=\"section-title-col\" data-type=\"column\" >                 <h3 >Equipe Nord et Est de l\u2019Europe:&nbsp;<\/h3><\/div><\/div>  <div class=\"row spaced-cols content-center-sm\" data-type=\"row\" > <div class=\"col-xs-12 col-sm-6 col-padding col-md-6 \" > <div class=\"row \" > <div class=\"col-xs-12 col-sm-12\" data-type=\"column\" > <img class=\"round face\" src=\"http:\/\/isg-saar.de\/wordpress\/wp-content\/uploads\/2018\/05\/cropped-KAI-WASHB\u00dcSCH_HOFRA-\u00a9-4-2.jpg\" > <h4 class=\"font-500\" >Kai Waschb\u00fcsch<\/h4>   <div class=\"social-icons-group\" data-type=\"group\" > <a href=\"http:\/\/isg-saar.de\/wordpress\/cest-lisg\/+4968389857422\" target=\"_self\" ><i class=\"gray fa icon small fa-phone color-black\" ><\/i><\/a> <a href=\"mailto:kai.waschbuesch@isg-saar.de\" target=\"_self\" ><i class=\"gray fa icon small fa-envelope-o color-black\" ><\/i><\/a> <a href=\"#\" target=\"_self\" data-reiki-hidden=\"true\" ><i class=\"gray fa icon small fa-linkedin-square color-black\" ><\/i><\/a> <a href=\"#\" target=\"_self\" data-reiki-hidden=\"true\" ><i class=\"gray fa icon small fa-google-plus-square color-black\" ><\/i><\/a> <\/div> <\/div> <\/div> <\/div> <div class=\"col-xs-12 col-sm-6 col-padding col-md-6 \" > <div class=\"row \" > <div class=\"col-xs-12 col-sm-12\" data-type=\"column\" > <img class=\"round face\" src=\"http:\/\/isg-saar.de\/wordpress\/wp-content\/uploads\/2018\/05\/cropped-NICOLAI-KRANZEDER_HOFRA-\u00a9-2-1-1.jpg\" > <h4 class=\"font-500\" >Nicolai Kranzeder<\/h4>   <div class=\"social-icons-group\" data-type=\"group\" > <a href=\"tel:+4968389857412\" target=\"_self\" ><i class=\"gray fa icon small fa-phone color-black\" ><\/i><\/a> <a href=\"mailto:nicolai.kranzeder@isg-saar.de\" target=\"_self\" ><i class=\"gray fa icon small fa-envelope-o color-black\" ><\/i><\/a> <a href=\"#\" target=\"_self\" data-reiki-hidden=\"true\" ><i class=\"gray fa icon small fa-linkedin-square color-black\" ><\/i><\/a> <a href=\"#\" target=\"_self\" data-reiki-hidden=\"true\" ><i class=\"gray fa icon small fa-google-plus-square color-black\" ><\/i><\/a> <\/div> <\/div> <\/div> <\/div>       <\/div> <\/div> <\/div><div class=\"content-8 content-section content-section-spacing\" id=\"content-20\" style=\"background-image: none; background-color: rgb(255, 255, 255);\" data-category=\"content\" data-id=\"content-8\" data-export-id=\"content-8\" data-label=\"Content\" > <div class=\"gridContainer\" > <div class=\"row middle-sm\" > <div class=\"col-sm-6 space-bottom-xs\" data-type=\"column\" > <img class=\"shadow-large\" src=\"http:\/\/isg-saar.de\/wordpress\/wp-content\/uploads\/2018\/05\/cropped-20180226_113444-1.jpg\" > <\/div> <div class=\"col-sm-6\" data-type=\"column\" > <h2 >Comment nous rejoindre personnellement:<\/h2> <p > \u00cates-vous int\u00e9ress\u00e9 par de plus amples informations? Nous attendons votre demande de contact avec impatience!<\/p> <a class=\"button color1\" href=\"http:\/\/isg-saar.de\/wordpress\/comment-vous-pouvez-nous-atteindre\" target=\"_self\" data-icon=\"\" data-cp-link=\"1\" > Contact \u00e0 l\u2019ISG <\/a> <\/div> <\/div> <\/div> <\/div>","protected":false},"excerpt":{"rendered":"<p>Ce que nous faisons: ISG est un prestataire de services logistiques allemand. Nous op\u00e9rons \u00e0 l\u2019\u00e9chelle nationale et internationale, sommes en r\u00e9seau avec des partenaires locaux fiables dans toute l\u2019Europe et maintenons des contacts dans tous les centres industriels en Europe.&nbsp;Quelques exemples de notre portefeuille de services divers: bonnes, partielles et pleines charges r\u00e9ception sans&hellip; <br \/> <a class=\"read-more\" href=\"http:\/\/isg-saar.de\/wordpress\/cest-lisg\/\">Weiterlesen<\/a><\/p>\n","protected":false},"author":1,"featured_media":0,"parent":0,"menu_order":0,"comment_status":"closed","ping_status":"closed","template":"pro\/page-templates\/full-width-page.php","meta":[],"_links":{"self":[{"href":"http:\/\/isg-saar.de\/wordpress\/wp-json\/wp\/v2\/pages\/455"}],"collection":[{"href":"http:\/\/isg-saar.de\/wordpress\/wp-json\/wp\/v2\/pages"}],"about":[{"href":"http:\/\/isg-saar.de\/wordpress\/wp-json\/wp\/v2\/types\/page"}],"author":[{"embeddable":true,"href":"http:\/\/isg-saar.de\/wordpress\/wp-json\/wp\/v2\/users\/1"}],"replies":[{"embeddable":true,"href":"http:\/\/isg-saar.de\/wordpress\/wp-json\/wp\/v2\/comments?post=455"}],"version-history":[{"count":0,"href":"http:\/\/isg-saar.de\/wordpress\/wp-json\/wp\/v2\/pages\/455\/revisions"}],"wp:attachment":[{"href":"http:\/\/isg-saar.de\/wordpress\/wp-json\/wp\/v2\/media?parent=455"}],"curies":[{"name":"wp","href":"https:\/\/api.w.org\/{rel}","templated":true}]}}